{"id":8160,"date":"2020-03-06T15:42:05","date_gmt":"2020-03-06T15:42:05","guid":{"rendered":"https:\/\/demo.goodlayers.com\/chariti\/demo1\/?page_id=8160"},"modified":"2026-01-27T16:48:13","modified_gmt":"2026-01-27T16:48:13","slug":"politica-de-privacidade","status":"publish","type":"page","link":"https:\/\/pleite.pt\/fr\/politica-de-privacidade\/","title":{"rendered":"Politique de confidentialit\u00e9"},"content":{"rendered":"<p><strong>Derni\u00e8re mise \u00e0 jour:<\/strong> 26 janvier 2026<\/p>\n\n\n\n<p>La pr\u00e9sente Politique de confidentialit\u00e9 d\u00e9crit la mani\u00e8re dont les donn\u00e9es personnelles des utilisateurs sont collect\u00e9es, utilis\u00e9es et prot\u00e9g\u00e9es sur le site web <strong><a href=\"https:\/\/pleite.pt\/fr\/\">https:\/\/pleite.pt\/<\/a><\/strong>, conform\u00e9ment au R\u00e8glement g\u00e9n\u00e9ral sur la protection des donn\u00e9es (RGPD) et \u00e0 la l\u00e9gislation applicable.<\/p>\n\n\n\n<div style=\"height:20px\" aria-hidden=\"true\" class=\"wp-block-spacer\"><\/div>\n\n\n\n<hr class=\"wp-block-separator has-alpha-channel-opacity w-full\"\/>\n\n\n\n<div style=\"height:20px\" aria-hidden=\"true\" class=\"wp-block-spacer\"><\/div>\n\n\n\n<h2 class=\"wp-block-heading has-large-font-size\">1. Responsable du traitement des donn\u00e9es<\/h2>\n\n\n\n<p>Le responsable du traitement des donn\u00e9es personnelles est le titulaire du site web <strong>pleite.pt<\/strong>.<\/p>\n\n\n\n<p>Pour toute question relative \u00e0 la protection des donn\u00e9es personnelles, le contact devra \u00eatre effectu\u00e9 par le biais des moyens mis \u00e0 disposition sur le site web lui-m\u00eame.<\/p>\n\n\n\n<div style=\"height:20px\" aria-hidden=\"true\" class=\"wp-block-spacer\"><\/div>\n\n\n\n<hr class=\"wp-block-separator has-alpha-channel-opacity w-full\"\/>\n\n\n\n<div style=\"height:20px\" aria-hidden=\"true\" class=\"wp-block-spacer\"><\/div>\n\n\n\n<h2 class=\"wp-block-heading has-large-font-size\">2. Quelles donn\u00e9es personnelles nous collectons<\/h2>\n\n\n\n<p>Ce site web collecte des donn\u00e9es personnelles exclusivement par le biais du <strong>formulaire de contact<\/strong>lorsque l\u2019utilisateur d\u00e9cide de nous contacter.<\/p>\n\n\n\n<p>Os dados pessoais recolhidos podem incluir:<\/p>\n\n\n\n<ul class=\"wp-block-list\">\n<li>Nom<\/li>\n\n\n\n<li>Adresse \u00e9lectronique<\/li>\n\n\n\n<li>Num\u00e9ro de t\u00e9l\u00e9phone (le cas \u00e9ch\u00e9ant)<\/li>\n\n\n\n<li>Contenu du message envoy\u00e9<\/li>\n<\/ul>\n\n\n\n<p>En outre, des donn\u00e9es techniques de navigation peuvent \u00eatre collect\u00e9es, telles que l\u2019adresse IP, le type d\u2019appareil et le navigateur, de mani\u00e8re limit\u00e9e et uniquement \u00e0 des fins de s\u00e9curit\u00e9 et de fonctionnement du site.<\/p>\n\n\n\n<div style=\"height:20px\" aria-hidden=\"true\" class=\"wp-block-spacer\"><\/div>\n\n\n\n<hr class=\"wp-block-separator has-alpha-channel-opacity w-full\"\/>\n\n\n\n<div style=\"height:20px\" aria-hidden=\"true\" class=\"wp-block-spacer\"><\/div>\n\n\n\n<h2 class=\"wp-block-heading has-large-font-size\">3. Finalit\u00e9 du traitement des donn\u00e9es<\/h2>\n\n\n\n<p class=\" translation-block\">Les donn\u00e9es personnelles collect\u00e9es par le biais du formulaire de contact sont utilis\u00e9es <strong>exclusivemen<\/strong> pour :<\/p>\n\n\n\n<ul class=\"wp-block-list\">\n<li>R\u00e9pondre aux demandes d\u2019information ou de contact<\/li>\n\n\n\n<li>Fournir les informations et \u00e9claircissements demand\u00e9s par l\u2019utilisateur<\/li>\n\n\n\n<li>Communication li\u00e9e \u00e0 la demande effectu\u00e9e<\/li>\n<\/ul>\n\n\n\n<p class=\" translation-block\">Les donn\u00e9es <strong>ne sont pas utilis\u00e9es \u00e0 des fins de marketing automatis\u00e9<\/strong>, ni pour l\u2019envoi de communications commerciales non sollicit\u00e9es.<\/p>\n\n\n\n<div style=\"height:20px\" aria-hidden=\"true\" class=\"wp-block-spacer\"><\/div>\n\n\n\n<hr class=\"wp-block-separator has-alpha-channel-opacity w-full\"\/>\n\n\n\n<div style=\"height:20px\" aria-hidden=\"true\" class=\"wp-block-spacer\"><\/div>\n\n\n\n<h2 class=\"wp-block-heading has-large-font-size\">4. Fondement juridique du traitement<\/h2>\n\n\n\n<p>Le traitement des donn\u00e9es personnelles repose sur:<\/p>\n\n\n\n<ul class=\"wp-block-list\">\n<li class=\" translation-block\">Sur le <strong>consentement de l\u2019utilisateur<\/strong>, lors de la soumission volontaire du formulaire de contact<\/li>\n\n\n\n<li class=\" translation-block\">Sur l\u2019<strong>int\u00e9r\u00eat l\u00e9gitime<\/strong>, limit\u00e9 \u00e0 la r\u00e9ponse et \u00e0 la gestion de la demande effectu\u00e9e<\/li>\n<\/ul>\n\n\n\n<div style=\"height:20px\" aria-hidden=\"true\" class=\"wp-block-spacer\"><\/div>\n\n\n\n<hr class=\"wp-block-separator has-alpha-channel-opacity w-full\"\/>\n\n\n\n<div style=\"height:20px\" aria-hidden=\"true\" class=\"wp-block-spacer\"><\/div>\n\n\n\n<h2 class=\"wp-block-heading has-large-font-size\">5. Conservation des donn\u00e9es<\/h2>\n\n\n\n<p>Les donn\u00e9es personnelles collect\u00e9es par le biais du formulaire de contact sont conserv\u00e9es uniquement pendant la dur\u00e9e n\u00e9cessaire pour r\u00e9pondre \u00e0 la demande de l\u2019utilisateur et \u00e0 des fins d\u2019archivage interne, sans \u00eatre utilis\u00e9es \u00e0 d\u2019autres fins.<\/p>\n\n\n\n<div style=\"height:20px\" aria-hidden=\"true\" class=\"wp-block-spacer\"><\/div>\n\n\n\n<hr class=\"wp-block-separator has-alpha-channel-opacity w-full\"\/>\n\n\n\n<div style=\"height:20px\" aria-hidden=\"true\" class=\"wp-block-spacer\"><\/div>\n\n\n\n<h2 class=\"wp-block-heading has-large-font-size\">6. Partage des donn\u00e9es avec des tiers<\/h2>\n\n\n\n<p class=\" translation-block\">Les donn\u00e9es personnelles <strong>ne sont ni vendues, ni lou\u00e9es, ni partag\u00e9es<\/strong> avec des tiers.<\/p>\n\n\n\n<p>Les donn\u00e9es peuvent \u00eatre trait\u00e9es par des prestataires de services techniques (par exemple, l\u2019h\u00e9bergement du site web ou le service de messagerie \u00e9lectronique), strictement dans la mesure n\u00e9cessaire au fonctionnement du site et toujours dans le respect d\u2019obligations de confidentialit\u00e9.<\/p>\n\n\n\n<div style=\"height:20px\" aria-hidden=\"true\" class=\"wp-block-spacer\"><\/div>\n\n\n\n<hr class=\"wp-block-separator has-alpha-channel-opacity w-full\"\/>\n\n\n\n<div style=\"height:20px\" aria-hidden=\"true\" class=\"wp-block-spacer\"><\/div>\n\n\n\n<h2 class=\"wp-block-heading has-large-font-size\">7. Cookies et technologies similaires<\/h2>\n\n\n\n<p>Le site web peut utiliser des cookies techniques et, avec le consentement de l\u2019utilisateur, des cookies d\u2019analyse ou de marketing (par exemple, des services de Google).<\/p>\n\n\n\n<p>La gestion des cookies est effectu\u00e9e au moyen du bandeau de consentement pr\u00e9sent\u00e9 lors de la premi\u00e8re visite sur le site, o\u00f9 l\u2019utilisateur peut accepter ou refuser les cookies non essentiels.<\/p>\n\n\n\n<p>Pour plus d\u2019informations, il est recommand\u00e9 de consulter la Politique de cookies, le cas \u00e9ch\u00e9ant.<\/p>\n\n\n\n<div style=\"height:20px\" aria-hidden=\"true\" class=\"wp-block-spacer\"><\/div>\n\n\n\n<hr class=\"wp-block-separator has-alpha-channel-opacity w-full\"\/>\n\n\n\n<div style=\"height:20px\" aria-hidden=\"true\" class=\"wp-block-spacer\"><\/div>\n\n\n\n<h2 class=\"wp-block-heading has-large-font-size\">8. Transferts internationaux de donn\u00e9es<\/h2>\n\n\n\n<p>Dans le cas o\u00f9 des services de tiers situ\u00e9s en dehors de l\u2019Espace \u00e9conomique europ\u00e9en (EEE) seraient utilis\u00e9s, les donn\u00e9es ne seront transf\u00e9r\u00e9es que lorsque des garanties appropri\u00e9es de protection existent, conform\u00e9ment au RGPD.<\/p>\n\n\n\n<div style=\"height:20px\" aria-hidden=\"true\" class=\"wp-block-spacer\"><\/div>\n\n\n\n<hr class=\"wp-block-separator has-alpha-channel-opacity w-full\"\/>\n\n\n\n<div style=\"height:20px\" aria-hidden=\"true\" class=\"wp-block-spacer\"><\/div>\n\n\n\n<h2 class=\"wp-block-heading has-large-font-size\">9. S\u00e9curit\u00e9 des donn\u00e9es<\/h2>\n\n\n\n<p>Des mesures techniques et organisationnelles appropri\u00e9es sont mises en \u0153uvre afin de prot\u00e9ger les donn\u00e9es personnelles contre tout acc\u00e8s non autoris\u00e9, perte, destruction ou divulgation non autoris\u00e9e.<\/p>\n\n\n\n<div style=\"height:20px\" aria-hidden=\"true\" class=\"wp-block-spacer\"><\/div>\n\n\n\n<hr class=\"wp-block-separator has-alpha-channel-opacity w-full\"\/>\n\n\n\n<div style=\"height:20px\" aria-hidden=\"true\" class=\"wp-block-spacer\"><\/div>\n\n\n\n<h2 class=\"wp-block-heading has-large-font-size\">10. Droits des personnes concern\u00e9es<\/h2>\n\n\n\n<p>Conform\u00e9ment au RGPD, l\u2019utilisateur dispose du droit de:<\/p>\n\n\n\n<ul class=\"wp-block-list\">\n<li>Acc\u00e9der \u00e0 ses donn\u00e9es personnelles<\/li>\n\n\n\n<li>Demander la rectification de donn\u00e9es inexactes ou incompl\u00e8tes<\/li>\n\n\n\n<li>Demander l\u2019effacement des donn\u00e9es<\/li>\n\n\n\n<li>Demander la limitation du traitement<\/li>\n\n\n\n<li>S\u2019opposer au traitement des donn\u00e9es<\/li>\n\n\n\n<li>Retirer son consentement \u00e0 tout moment<\/li>\n<\/ul>\n\n\n\n<p>L\u2019exercice de ces droits peut \u00eatre effectu\u00e9 par le biais des contacts mis \u00e0 disposition sur le site web.<\/p>\n\n\n\n<div style=\"height:20px\" aria-hidden=\"true\" class=\"wp-block-spacer\"><\/div>\n\n\n\n<hr class=\"wp-block-separator has-alpha-channel-opacity w-full\"\/>\n\n\n\n<div style=\"height:20px\" aria-hidden=\"true\" class=\"wp-block-spacer\"><\/div>\n\n\n\n<h2 class=\"wp-block-heading has-large-font-size\">11. Droit de r\u00e9clamation<\/h2>\n\n\n\n<p class=\" translation-block\">L\u2019utilisateur a le droit d\u2019introduire une r\u00e9clamation aupr\u00e8s de la <strong>Commission nationale de la protection des donn\u00e9es (CNPD)<\/strong> s\u2019il estime que ses donn\u00e9es personnelles ne sont pas trait\u00e9es conform\u00e9ment \u00e0 la l\u00e9gislation applicable.<\/p>\n\n\n\n<div style=\"height:20px\" aria-hidden=\"true\" class=\"wp-block-spacer\"><\/div>\n\n\n\n<hr class=\"wp-block-separator has-alpha-channel-opacity w-full\"\/>\n\n\n\n<div style=\"height:20px\" aria-hidden=\"true\" class=\"wp-block-spacer\"><\/div>\n\n\n\n<h2 class=\"wp-block-heading has-large-font-size\">12. Modifications de la Politique de confidentialit\u00e9<\/h2>\n\n\n\n<p>Cette Politique de confidentialit\u00e9 peut \u00eatre mise \u00e0 jour \u00e0 tout moment. Toute modification sera publi\u00e9e sur cette page, avec indication de la date de la derni\u00e8re mise \u00e0 jour.<\/p>\n\n\n\n<div style=\"height:20px\" aria-hidden=\"true\" class=\"wp-block-spacer\"><\/div>\n\n\n\n<hr class=\"wp-block-separator has-alpha-channel-opacity w-full\"\/>\n\n\n\n<div style=\"height:20px\" aria-hidden=\"true\" class=\"wp-block-spacer\"><\/div>\n\n\n\n<h2 class=\"wp-block-heading has-large-font-size\">13. Contact<\/h2>\n\n\n\n<p>Pour toute question relative \u00e0 la pr\u00e9sente Politique de confidentialit\u00e9 ou au traitement des donn\u00e9es personnelles, l\u2019utilisateur devra utiliser les moyens de contact disponibles sur le site web <strong><a href=\"https:\/\/pleite.pt\/fr\/\">https:\/\/pleite.pt\/<\/a><\/strong>.<\/p>\n\n\n\n<div style=\"height:20px\" aria-hidden=\"true\" class=\"wp-block-spacer\"><\/div>\n\n\n\n<p><\/p>","protected":false},"excerpt":{"rendered":"<p>\u00daltima actualiza\u00e7\u00e3o: 26 de janeiro de 2026 A presente Pol\u00edtica de Privacidade descreve a forma como os dados pessoais dos utilizadores s\u00e3o recolhidos, utilizados e protegidos no website https:\/\/pleite.pt\/, em conformidade com o Regulamento Geral sobre a Protec\u00e7\u00e3o de Dados (RGPD) e restante legisla\u00e7\u00e3o aplic\u00e1vel. 1. Respons\u00e1vel pelo Tratamento dos Dados O respons\u00e1vel pelo tratamento [&hellip;]<\/p>","protected":false},"author":1,"featured_media":0,"parent":0,"menu_order":0,"comment_status":"closed","ping_status":"closed","template":"","meta":{"footnotes":""},"class_list":["post-8160","page","type-page","status-publish","hentry"],"yoast_head":"<!-- This site is optimized with the Yoast SEO plugin v23.1 - https:\/\/yoast.com\/wordpress\/plugins\/seo\/ -->\n<title>Pol\u00edtica de Privacidade - PLeite<\/title>\n<meta name=\"robots\" content=\"noindex, follow, max-snippet:-1, max-image-preview:large, max-video-preview:-1\" \/>\n<meta property=\"og:locale\" content=\"fr_FR\" \/>\n<meta property=\"og:type\" content=\"article\" \/>\n<meta property=\"og:title\" content=\"Pol\u00edtica de Privacidade - PLeite\" \/>\n<meta property=\"og:description\" content=\"\u00daltima actualiza\u00e7\u00e3o: 26 de janeiro de 2026 A presente Pol\u00edtica de Privacidade descreve a forma como os dados pessoais dos utilizadores s\u00e3o recolhidos, utilizados e protegidos no website https:\/\/pleite.pt\/, em conformidade com o Regulamento Geral sobre a Protec\u00e7\u00e3o de Dados (RGPD) e restante legisla\u00e7\u00e3o aplic\u00e1vel. 1. Respons\u00e1vel pelo Tratamento dos Dados O respons\u00e1vel pelo tratamento [&hellip;]\" \/>\n<meta property=\"og:url\" content=\"https:\/\/pleite.pt\/fr\/politica-de-privacidade\/\" \/>\n<meta property=\"og:site_name\" content=\"PLeite\" \/>\n<meta property=\"article:modified_time\" content=\"2026-01-27T16:48:13+00:00\" \/>\n<meta name=\"twitter:card\" content=\"summary_large_image\" \/>\n<meta name=\"twitter:label1\" content=\"Dur\u00e9e de lecture estim\u00e9e\" \/>\n\t<meta name=\"twitter:data1\" content=\"4 minutes\" \/>\n<script type=\"application\/ld+json\" class=\"yoast-schema-graph\">{\"@context\":\"https:\/\/schema.org\",\"@graph\":[{\"@type\":\"WebPage\",\"@id\":\"https:\/\/pleite.pt\/politica-de-privacidade\/\",\"url\":\"https:\/\/pleite.pt\/politica-de-privacidade\/\",\"name\":\"Pol\u00edtica de Privacidade - PLeite\",\"isPartOf\":{\"@id\":\"https:\/\/pleite.pt\/#website\"},\"datePublished\":\"2020-03-06T15:42:05+00:00\",\"dateModified\":\"2026-01-27T16:48:13+00:00\",\"breadcrumb\":{\"@id\":\"https:\/\/pleite.pt\/politica-de-privacidade\/#breadcrumb\"},\"inLanguage\":\"fr-FR\",\"potentialAction\":[{\"@type\":\"ReadAction\",\"target\":[\"https:\/\/pleite.pt\/politica-de-privacidade\/\"]}]},{\"@type\":\"BreadcrumbList\",\"@id\":\"https:\/\/pleite.pt\/politica-de-privacidade\/#breadcrumb\",\"itemListElement\":[{\"@type\":\"ListItem\",\"position\":1,\"name\":\"In\u00edcio\",\"item\":\"https:\/\/pleite.pt\/\"},{\"@type\":\"ListItem\",\"position\":2,\"name\":\"Pol\u00edtica de Privacidade\"}]},{\"@type\":\"WebSite\",\"@id\":\"https:\/\/pleite.pt\/#website\",\"url\":\"https:\/\/pleite.pt\/\",\"name\":\"PLeite\",\"description\":\"Cozinhas | Banhos | Roupeiros\",\"potentialAction\":[{\"@type\":\"SearchAction\",\"target\":{\"@type\":\"EntryPoint\",\"urlTemplate\":\"https:\/\/pleite.pt\/?s={search_term_string}\"},\"query-input\":\"required name=search_term_string\"}],\"inLanguage\":\"fr-FR\"}]}<\/script>\n<!-- \/ Yoast SEO plugin. -->","yoast_head_json":{"title":"Pol\u00edtica de Privacidade - PLeite","robots":{"index":"noindex","follow":"follow","max-snippet":"max-snippet:-1","max-image-preview":"max-image-preview:large","max-video-preview":"max-video-preview:-1"},"og_locale":"fr_FR","og_type":"article","og_title":"Pol\u00edtica de Privacidade - PLeite","og_description":"\u00daltima actualiza\u00e7\u00e3o: 26 de janeiro de 2026 A presente Pol\u00edtica de Privacidade descreve a forma como os dados pessoais dos utilizadores s\u00e3o recolhidos, utilizados e protegidos no website https:\/\/pleite.pt\/, em conformidade com o Regulamento Geral sobre a Protec\u00e7\u00e3o de Dados (RGPD) e restante legisla\u00e7\u00e3o aplic\u00e1vel. 1. Respons\u00e1vel pelo Tratamento dos Dados O respons\u00e1vel pelo tratamento [&hellip;]","og_url":"https:\/\/pleite.pt\/fr\/politica-de-privacidade\/","og_site_name":"PLeite","article_modified_time":"2026-01-27T16:48:13+00:00","twitter_card":"summary_large_image","twitter_misc":{"Dur\u00e9e de lecture estim\u00e9e":"4 minutes"},"schema":{"@context":"https:\/\/schema.org","@graph":[{"@type":"WebPage","@id":"https:\/\/pleite.pt\/politica-de-privacidade\/","url":"https:\/\/pleite.pt\/politica-de-privacidade\/","name":"Pol\u00edtica de Privacidade - PLeite","isPartOf":{"@id":"https:\/\/pleite.pt\/#website"},"datePublished":"2020-03-06T15:42:05+00:00","dateModified":"2026-01-27T16:48:13+00:00","breadcrumb":{"@id":"https:\/\/pleite.pt\/politica-de-privacidade\/#breadcrumb"},"inLanguage":"fr-FR","potentialAction":[{"@type":"ReadAction","target":["https:\/\/pleite.pt\/politica-de-privacidade\/"]}]},{"@type":"BreadcrumbList","@id":"https:\/\/pleite.pt\/politica-de-privacidade\/#breadcrumb","itemListElement":[{"@type":"ListItem","position":1,"name":"In\u00edcio","item":"https:\/\/pleite.pt\/"},{"@type":"ListItem","position":2,"name":"Pol\u00edtica de Privacidade"}]},{"@type":"WebSite","@id":"https:\/\/pleite.pt\/#website","url":"https:\/\/pleite.pt\/","name":"PLeite","description":"Cozinhas | Banhos | Roupeiros","potentialAction":[{"@type":"SearchAction","target":{"@type":"EntryPoint","urlTemplate":"https:\/\/pleite.pt\/?s={search_term_string}"},"query-input":"required name=search_term_string"}],"inLanguage":"fr-FR"}]}},"_links":{"self":[{"href":"https:\/\/pleite.pt\/fr\/wp-json\/wp\/v2\/pages\/8160","targetHints":{"allow":["GET"]}}],"collection":[{"href":"https:\/\/pleite.pt\/fr\/wp-json\/wp\/v2\/pages"}],"about":[{"href":"https:\/\/pleite.pt\/fr\/wp-json\/wp\/v2\/types\/page"}],"author":[{"embeddable":true,"href":"https:\/\/pleite.pt\/fr\/wp-json\/wp\/v2\/users\/1"}],"replies":[{"embeddable":true,"href":"https:\/\/pleite.pt\/fr\/wp-json\/wp\/v2\/comments?post=8160"}],"version-history":[{"count":5,"href":"https:\/\/pleite.pt\/fr\/wp-json\/wp\/v2\/pages\/8160\/revisions"}],"predecessor-version":[{"id":15404,"href":"https:\/\/pleite.pt\/fr\/wp-json\/wp\/v2\/pages\/8160\/revisions\/15404"}],"wp:attachment":[{"href":"https:\/\/pleite.pt\/fr\/wp-json\/wp\/v2\/media?parent=8160"}],"curies":[{"name":"wp","href":"https:\/\/api.w.org\/{rel}","templated":true}]}}